{"id":19,"date":"2019-07-09T12:50:55","date_gmt":"2019-07-09T09:50:55","guid":{"rendered":"http:\/\/makyajkursu.org\/?page_id=19"},"modified":"2019-07-09T12:50:55","modified_gmt":"2019-07-09T09:50:55","slug":"makyaj-kursu-dersleri","status":"publish","type":"page","link":"http:\/\/makyajkursu.org\/index.php\/makyaj-kursu-dersleri\/","title":{"rendered":"Makyaj Kursu Dersleri"},"content":{"rendered":"\n<h2 class=\"wp-block-heading\">Makyaj Kursu Dersleri<\/h2>\n\n\n\n<p>Makyaj kursu g\u00fcnl\u00fc\u011f\u00fcnde&nbsp; Makeup Pro ya kat\u0131lan \u00f6\u011frencilerin G\u00fcnl\u00fck \nkurs \u00e7al\u0131\u015fmalar\u0131 resimleri ve videolar\u0131 art\u0131k bu b\u00f6l\u00fcmde payla\u015faca\u011f\u0131z.<\/p>\n\n\n\n<p>2013 yaz sezonunda H\u0131zland\u0131r\u0131lm\u0131\u015f Makyaj Kurslar\u0131 nda e\u011fitim alm\u0131\u015f ki\u015filerin \u00e7al\u0131\u015fmalar\u0131n\u0131 ve videolar\u0131n\u0131 payla\u015fm\u0131\u015ft\u0131k sizinle..<br>\nTekrar bir g\u00f6z atman\u0131z i\u00e7in birka\u00e7 \u00e7al\u0131\u015fmay\u0131 daha ekliyoruz<\/p>\n\n\n\n<p>Umar\u0131z be\u011fenirsiniz.<\/p>\n\n\n\n<p>Ve bir sonraki yaz\u0131m\u0131za da 2013 Kas\u0131m ay\u0131na ait makyaj kursu \u00e7al\u0131\u015fmalar\u0131m\u0131z\u0131 da incelemeyi unutmay\u0131n.<\/p>\n\n\n\n<p>Yani Makeup Pro yu takip edin.<\/p>\n\n\n\n<div class=\"wp-block-image\"><figure class=\"aligncenter\"><a href=\"https:\/\/web.archive.org\/web\/20180831174001\/http:\/\/makyajkursu.org\/wp-content\/uploads\/2013\/11\/Makyaj-Kursu.jpg\" rel=\"wp-prettyPhoto[19]\"><img decoding=\"async\" src=\"https:\/\/web.archive.org\/web\/20180831174001im_\/http:\/\/makyajkursu.org\/wp-content\/uploads\/2013\/11\/Makyaj-Kursu.jpg\" alt=\"Makyaj Kursu\" class=\"wp-image-142\"\/><\/a><figcaption> Makyaj Kursu Dersleri <\/figcaption><\/figure><\/div>\n\n\n\n<div class=\"wp-block-image\"><figure class=\"aligncenter\"><a href=\"https:\/\/web.archive.org\/web\/20180831174001\/http:\/\/makyajkursu.org\/wp-content\/uploads\/2013\/11\/makyaj-kurslar\u0131.jpg\"><img decoding=\"async\" src=\"https:\/\/web.archive.org\/web\/20180831174001im_\/http:\/\/makyajkursu.org\/wp-content\/uploads\/2013\/11\/makyaj-kurslar\u0131.jpg\" alt=\"makyaj kurslar\u0131\" class=\"wp-image-143\"\/><\/a><figcaption> Makyaj Kursu Dersleri <\/figcaption><\/figure><\/div>\n","protected":false},"excerpt":{"rendered":"<p>Makyaj Kursu Dersleri Makyaj kursu g\u00fcnl\u00fc\u011f\u00fcnde&nbsp; Makeup Pro ya kat\u0131lan \u00f6\u011frencilerin G\u00fcnl\u00fck kurs \u00e7al\u0131\u015fmalar\u0131 resimleri ve videolar\u0131 art\u0131k bu b\u00f6l\u00fcmde payla\u015faca\u011f\u0131z. 2013 yaz sezonunda H\u0131zland\u0131r\u0131lm\u0131\u015f Makyaj Kurslar\u0131 nda e\u011fitim alm\u0131\u015f ki\u015filerin \u00e7al\u0131\u015fmalar\u0131n\u0131 ve videolar\u0131n\u0131 payla\u015fm\u0131\u015ft\u0131k sizinle.. Tekrar bir g\u00f6z atman\u0131z i\u00e7in birka\u00e7 \u00e7al\u0131\u015fmay\u0131 daha ekliyoruz Umar\u0131z be\u011fenirsiniz.<\/p>\n","protected":false},"author":1,"featured_media":0,"parent":0,"menu_order":0,"comment_status":"closed","ping_status":"closed","template":"","meta":{"footnotes":""},"tags":[],"class_list":["post-19","page","type-page","status-publish","hentry"],"aioseo_notices":[],"_links":{"self":[{"href":"http:\/\/makyajkursu.org\/index.php\/wp-json\/wp\/v2\/pages\/19","targetHints":{"allow":["GET"]}}],"collection":[{"href":"http:\/\/makyajkursu.org\/index.php\/wp-json\/wp\/v2\/pages"}],"about":[{"href":"http:\/\/makyajkursu.org\/index.php\/wp-json\/wp\/v2\/types\/page"}],"author":[{"embeddable":true,"href":"http:\/\/makyajkursu.org\/index.php\/wp-json\/wp\/v2\/users\/1"}],"replies":[{"embeddable":true,"href":"http:\/\/makyajkursu.org\/index.php\/wp-json\/wp\/v2\/comments?post=19"}],"version-history":[{"count":1,"href":"http:\/\/makyajkursu.org\/index.php\/wp-json\/wp\/v2\/pages\/19\/revisions"}],"predecessor-version":[{"id":20,"href":"http:\/\/makyajkursu.org\/index.php\/wp-json\/wp\/v2\/pages\/19\/revisions\/20"}],"wp:attachment":[{"href":"http:\/\/makyajkursu.org\/index.php\/wp-json\/wp\/v2\/media?parent=19"}],"wp:term":[{"taxonomy":"post_tag","embeddable":true,"href":"http:\/\/makyajkursu.org\/index.php\/wp-json\/wp\/v2\/tags?post=19"}],"curies":[{"name":"wp","href":"https:\/\/api.w.org\/{rel}","templated":true}]}}